{"id":22586,"date":"2022-09-01T11:04:27","date_gmt":"2022-09-01T14:04:27","guid":{"rendered":"https:\/\/officialmonttremblant.com\/music-festival-tremblant\/"},"modified":"2022-09-07T17:24:29","modified_gmt":"2022-09-07T20:24:29","slug":"fete-de-la-musique-tremblant","status":"publish","type":"page","link":"https:\/\/officialmonttremblant.com\/fr\/evenements\/fete-de-la-musique-tremblant\/","title":{"rendered":"F\u00caTE DE LA MUSIQUE TREMBLANT"},"content":{"rendered":"<p>[vc_row][vc_column][vc_empty_space][\/vc_column][\/vc_row][vc_row css=\u00a0\u00bb.vc_custom_1661798812073{padding-top: 30px !important;padding-bottom: 60px !important;}\u00a0\u00bb][vc_column]<style type=\"text\/css\" data-type=\"the7_shortcodes-inline-css\">.shortcode-single-image-wrap.shortcode-single-image-58d8f09761cf635ce4b77afdcb5dbf49.enable-bg-rollover .rollover i,\n.shortcode-single-image-wrap.shortcode-single-image-58d8f09761cf635ce4b77afdcb5dbf49.enable-bg-rollover .rollover-video i {\n  background: -webkit-linear-gradient();\n  background: linear-gradient();\n}\n.shortcode-single-image-wrap.shortcode-single-image-58d8f09761cf635ce4b77afdcb5dbf49 .rollover-icon {\n  font-size: 32px;\n  color: #ffffff;\n  min-width: 44px;\n  min-height: 44px;\n  line-height: 44px;\n  border-radius: 100px;\n  border-style: solid;\n  border-width: 0px;\n}\n.dt-icon-bg-on.shortcode-single-image-wrap.shortcode-single-image-58d8f09761cf635ce4b77afdcb5dbf49 .rollover-icon {\n  background: rgba(255,255,255,0.3);\n  box-shadow: none;\n}\n<\/style><div class=\"shortcode-single-image-wrap shortcode-single-image-58d8f09761cf635ce4b77afdcb5dbf49 alignnone  enable-bg-rollover dt-icon-bg-off\" style=\"margin-top:0px; margin-bottom:0px; margin-left:0px; margin-right:0px; width:1100px;\"><div class=\"shortcode-single-image\"><div class=\"fancy-media-wrap  layzr-bg\" style=\"\"><img loading=\"lazy\" decoding=\"async\" class=\"preload-me lazy-load\" src=\"data:image\/svg+xml,%3Csvg%20xmlns%3D&#39;http%3A%2F%2Fwww.w3.org%2F2000%2Fsvg&#39;%20viewBox%3D&#39;0%200%201100%20299&#39;%2F%3E\" data-src=\"https:\/\/officialmonttremblant.com\/wp-content\/uploads\/2022\/09\/banner-festival-1100x299.jpg\" data-srcset=\"https:\/\/officialmonttremblant.com\/wp-content\/uploads\/2022\/09\/banner-festival-1100x299.jpg 1100w, https:\/\/officialmonttremblant.com\/wp-content\/uploads\/2022\/09\/banner-festival-2200x598.jpg 2200w\" width=\"1100\" height=\"299\"  data-dt-location=\"https:\/\/officialmonttremblant.com\/fr\/events\/banner-festival\/\" style=\"\" alt=\"\" \/><\/div><\/div><\/div>[\/vc_column][\/vc_row][vc_row][vc_column][vc_column_text]<span style=\"font-weight: 400;\">Sous la direction artistique d&rsquo;Ang\u00e8le Dubeau, ce rendez-vous unique vous fera vivre une escapade musicale des plus festives qui c\u00e9l\u00e8bre la diversit\u00e9 musicale allant du classique au jazz, en passant par la musique du monde et bien plus encore. Cette programmation riche et de haut niveau propose des artistes de renom et des virtuoses \u00e0 d\u00e9couvrir. Plus de 30 concerts gratuits sur les sc\u00e8nes du village pi\u00e9tonnier au pied de la montagne et des secteurs Village et centre-ville de la Ville de Mont-Tremblant.<\/span>[\/vc_column_text][\/vc_column][\/vc_row][vc_row css=\u00a0\u00bb.vc_custom_1661798832600{padding-top: 30px !important;padding-bottom: 30px !important;}\u00a0\u00bb][vc_column][vc_column_text]<span style=\"font-weight: 400;\"><strong>Resort:<\/strong>\u00a0<\/span><span style=\"font-weight: 400;\">1000, chemin des Voyageurs,\u00a0<\/span><span style=\"font-weight: 400;\">Mont-Tremblant, QC, Canada,\u00a0<\/span><span style=\"font-weight: 400;\">J8E 1T1<\/span><\/p>\n<p><span style=\"font-weight: 400;\"><strong>Tel<\/strong> 819 681-3000<\/span><\/p>\n<p><span style=\"font-weight: 400;\"><strong>Du<\/strong> 2 au 5 septembre 2022<\/span><\/p>\n<p><strong>GRATUIT<\/strong><\/p>\n<p>[\/vc_column_text][\/vc_column][\/vc_row]<\/p>\n","protected":false},"excerpt":{"rendered":"<p>[vc_row][vc_column][vc_empty_space][\/vc_column][\/vc_row][vc_row css=\u00a0\u00bb.vc_custom_1661798812073{padding-top: 30px !important;padding-bottom: 60px !important;}\u00a0\u00bb][vc_column][\/vc_column][\/vc_row][vc_row][vc_column][vc_column_text]Sous la direction artistique d&rsquo;Ang\u00e8le Dubeau, ce rendez-vous unique vous fera vivre une escapade musicale des plus festives qui c\u00e9l\u00e8bre la diversit\u00e9 musicale allant du classique au jazz, en passant par la musique du monde et bien plus encore. Cette programmation riche et de haut niveau propose des artistes de&hellip;<\/p>\n","protected":false},"author":1,"featured_media":22589,"parent":22544,"menu_order":0,"comment_status":"closed","ping_status":"closed","template":"","meta":{"footnotes":""},"class_list":["post-22586","page","type-page","status-publish","has-post-thumbnail","hentry","description-off"],"yoast_head":"<!-- This site is optimized with the Yoast SEO Premium plugin v26.5 (Yoast SEO v26.5) - https:\/\/yoast.com\/wordpress\/plugins\/seo\/ -->\n<title>F\u00caTE DE LA MUSIQUE TREMBLANT - Official Mont Tremblant<\/title>\n<meta name=\"robots\" content=\"index, follow, max-snippet:-1, max-image-preview:large, max-video-preview:-1\" \/>\n<link rel=\"canonical\" href=\"https:\/\/officialmonttremblant.com\/fr\/evenements\/fete-de-la-musique-tremblant\/\" \/>\n<meta property=\"og:locale\" content=\"fr_FR\" \/>\n<meta property=\"og:type\" content=\"article\" \/>\n<meta property=\"og:title\" content=\"F\u00caTE DE LA MUSIQUE TREMBLANT\" \/>\n<meta property=\"og:description\" content=\"[vc_row][vc_column][vc_empty_space][\/vc_column][\/vc_row][vc_row css=\u00a0\u00bb.vc_custom_1661798812073{padding-top: 30px !important;padding-bottom: 60px !important;}\u00a0\u00bb][vc_column][\/vc_column][\/vc_row][vc_row][vc_column][vc_column_text]Sous la direction artistique d&rsquo;Ang\u00e8le Dubeau, ce rendez-vous unique vous fera vivre une escapade musicale des plus festives qui c\u00e9l\u00e8bre la diversit\u00e9 musicale allant du classique au jazz, en passant par la musique du monde et bien plus encore. Cette programmation riche et de haut niveau propose des artistes de&hellip;\" \/>\n<meta property=\"og:url\" content=\"https:\/\/officialmonttremblant.com\/fr\/evenements\/fete-de-la-musique-tremblant\/\" \/>\n<meta property=\"og:site_name\" content=\"Official Mont Tremblant\" \/>\n<meta property=\"article:modified_time\" content=\"2022-09-07T20:24:29+00:00\" \/>\n<meta property=\"og:image\" content=\"https:\/\/officialmonttremblant.com\/wp-content\/uploads\/2022\/09\/music-festival.jpeg\" \/>\n\t<meta property=\"og:image:width\" content=\"275\" \/>\n\t<meta property=\"og:image:height\" content=\"183\" \/>\n\t<meta property=\"og:image:type\" content=\"image\/jpeg\" \/>\n<meta name=\"twitter:card\" content=\"summary_large_image\" \/>\n<meta name=\"twitter:label1\" content=\"Dur\u00e9e de lecture estim\u00e9e\" \/>\n\t<meta name=\"twitter:data1\" content=\"1 minute\" \/>\n<script type=\"application\/ld+json\" class=\"yoast-schema-graph\">{\"@context\":\"https:\/\/schema.org\",\"@graph\":[{\"@type\":\"WebPage\",\"@id\":\"https:\/\/officialmonttremblant.com\/fr\/evenements\/fete-de-la-musique-tremblant\/\",\"url\":\"https:\/\/officialmonttremblant.com\/fr\/evenements\/fete-de-la-musique-tremblant\/\",\"name\":\"F\u00caTE DE LA MUSIQUE TREMBLANT - Official Mont Tremblant\",\"isPartOf\":{\"@id\":\"https:\/\/officialmonttremblant.com\/fr\/#website\"},\"primaryImageOfPage\":{\"@id\":\"https:\/\/officialmonttremblant.com\/fr\/evenements\/fete-de-la-musique-tremblant\/#primaryimage\"},\"image\":{\"@id\":\"https:\/\/officialmonttremblant.com\/fr\/evenements\/fete-de-la-musique-tremblant\/#primaryimage\"},\"thumbnailUrl\":\"https:\/\/officialmonttremblant.com\/wp-content\/uploads\/2022\/09\/music-festival.jpeg\",\"datePublished\":\"2022-09-01T14:04:27+00:00\",\"dateModified\":\"2022-09-07T20:24:29+00:00\",\"breadcrumb\":{\"@id\":\"https:\/\/officialmonttremblant.com\/fr\/evenements\/fete-de-la-musique-tremblant\/#breadcrumb\"},\"inLanguage\":\"fr-FR\",\"potentialAction\":[{\"@type\":\"ReadAction\",\"target\":[\"https:\/\/officialmonttremblant.com\/fr\/evenements\/fete-de-la-musique-tremblant\/\"]}]},{\"@type\":\"ImageObject\",\"inLanguage\":\"fr-FR\",\"@id\":\"https:\/\/officialmonttremblant.com\/fr\/evenements\/fete-de-la-musique-tremblant\/#primaryimage\",\"url\":\"https:\/\/officialmonttremblant.com\/wp-content\/uploads\/2022\/09\/music-festival.jpeg\",\"contentUrl\":\"https:\/\/officialmonttremblant.com\/wp-content\/uploads\/2022\/09\/music-festival.jpeg\",\"width\":275,\"height\":183,\"caption\":\"Music Festival Tremblant\"},{\"@type\":\"BreadcrumbList\",\"@id\":\"https:\/\/officialmonttremblant.com\/fr\/evenements\/fete-de-la-musique-tremblant\/#breadcrumb\",\"itemListElement\":[{\"@type\":\"ListItem\",\"position\":1,\"name\":\"Home\",\"item\":\"https:\/\/officialmonttremblant.com\/fr\/\"},{\"@type\":\"ListItem\",\"position\":2,\"name\":\"Ev\u00e9nements \u00e0 Mont-Tremblant\",\"item\":\"https:\/\/officialmonttremblant.com\/fr\/evenements\/\"},{\"@type\":\"ListItem\",\"position\":3,\"name\":\"F\u00caTE DE LA MUSIQUE TREMBLANT\"}]},{\"@type\":\"WebSite\",\"@id\":\"https:\/\/officialmonttremblant.com\/fr\/#website\",\"url\":\"https:\/\/officialmonttremblant.com\/fr\/\",\"name\":\"Official Mont Tremblant\",\"description\":\"Vacation &amp; tourist guide in Mont Tremblant\",\"potentialAction\":[{\"@type\":\"SearchAction\",\"target\":{\"@type\":\"EntryPoint\",\"urlTemplate\":\"https:\/\/officialmonttremblant.com\/fr\/?s={search_term_string}\"},\"query-input\":{\"@type\":\"PropertyValueSpecification\",\"valueRequired\":true,\"valueName\":\"search_term_string\"}}],\"inLanguage\":\"fr-FR\"}]}<\/script>\n<!-- \/ Yoast SEO Premium plugin. -->","yoast_head_json":{"title":"F\u00caTE DE LA MUSIQUE TREMBLANT - Official Mont Tremblant","robots":{"index":"index","follow":"follow","max-snippet":"max-snippet:-1","max-image-preview":"max-image-preview:large","max-video-preview":"max-video-preview:-1"},"canonical":"https:\/\/officialmonttremblant.com\/fr\/evenements\/fete-de-la-musique-tremblant\/","og_locale":"fr_FR","og_type":"article","og_title":"F\u00caTE DE LA MUSIQUE TREMBLANT","og_description":"[vc_row][vc_column][vc_empty_space][\/vc_column][\/vc_row][vc_row css=\u00a0\u00bb.vc_custom_1661798812073{padding-top: 30px !important;padding-bottom: 60px !important;}\u00a0\u00bb][vc_column][\/vc_column][\/vc_row][vc_row][vc_column][vc_column_text]Sous la direction artistique d&rsquo;Ang\u00e8le Dubeau, ce rendez-vous unique vous fera vivre une escapade musicale des plus festives qui c\u00e9l\u00e8bre la diversit\u00e9 musicale allant du classique au jazz, en passant par la musique du monde et bien plus encore. Cette programmation riche et de haut niveau propose des artistes de&hellip;","og_url":"https:\/\/officialmonttremblant.com\/fr\/evenements\/fete-de-la-musique-tremblant\/","og_site_name":"Official Mont Tremblant","article_modified_time":"2022-09-07T20:24:29+00:00","og_image":[{"width":275,"height":183,"url":"https:\/\/officialmonttremblant.com\/wp-content\/uploads\/2022\/09\/music-festival.jpeg","type":"image\/jpeg"}],"twitter_card":"summary_large_image","twitter_misc":{"Dur\u00e9e de lecture estim\u00e9e":"1 minute"},"schema":{"@context":"https:\/\/schema.org","@graph":[{"@type":"WebPage","@id":"https:\/\/officialmonttremblant.com\/fr\/evenements\/fete-de-la-musique-tremblant\/","url":"https:\/\/officialmonttremblant.com\/fr\/evenements\/fete-de-la-musique-tremblant\/","name":"F\u00caTE DE LA MUSIQUE TREMBLANT - Official Mont Tremblant","isPartOf":{"@id":"https:\/\/officialmonttremblant.com\/fr\/#website"},"primaryImageOfPage":{"@id":"https:\/\/officialmonttremblant.com\/fr\/evenements\/fete-de-la-musique-tremblant\/#primaryimage"},"image":{"@id":"https:\/\/officialmonttremblant.com\/fr\/evenements\/fete-de-la-musique-tremblant\/#primaryimage"},"thumbnailUrl":"https:\/\/officialmonttremblant.com\/wp-content\/uploads\/2022\/09\/music-festival.jpeg","datePublished":"2022-09-01T14:04:27+00:00","dateModified":"2022-09-07T20:24:29+00:00","breadcrumb":{"@id":"https:\/\/officialmonttremblant.com\/fr\/evenements\/fete-de-la-musique-tremblant\/#breadcrumb"},"inLanguage":"fr-FR","potentialAction":[{"@type":"ReadAction","target":["https:\/\/officialmonttremblant.com\/fr\/evenements\/fete-de-la-musique-tremblant\/"]}]},{"@type":"ImageObject","inLanguage":"fr-FR","@id":"https:\/\/officialmonttremblant.com\/fr\/evenements\/fete-de-la-musique-tremblant\/#primaryimage","url":"https:\/\/officialmonttremblant.com\/wp-content\/uploads\/2022\/09\/music-festival.jpeg","contentUrl":"https:\/\/officialmonttremblant.com\/wp-content\/uploads\/2022\/09\/music-festival.jpeg","width":275,"height":183,"caption":"Music Festival Tremblant"},{"@type":"BreadcrumbList","@id":"https:\/\/officialmonttremblant.com\/fr\/evenements\/fete-de-la-musique-tremblant\/#breadcrumb","itemListElement":[{"@type":"ListItem","position":1,"name":"Home","item":"https:\/\/officialmonttremblant.com\/fr\/"},{"@type":"ListItem","position":2,"name":"Ev\u00e9nements \u00e0 Mont-Tremblant","item":"https:\/\/officialmonttremblant.com\/fr\/evenements\/"},{"@type":"ListItem","position":3,"name":"F\u00caTE DE LA MUSIQUE TREMBLANT"}]},{"@type":"WebSite","@id":"https:\/\/officialmonttremblant.com\/fr\/#website","url":"https:\/\/officialmonttremblant.com\/fr\/","name":"Official Mont Tremblant","description":"Vacation &amp; tourist guide in Mont Tremblant","potentialAction":[{"@type":"SearchAction","target":{"@type":"EntryPoint","urlTemplate":"https:\/\/officialmonttremblant.com\/fr\/?s={search_term_string}"},"query-input":{"@type":"PropertyValueSpecification","valueRequired":true,"valueName":"search_term_string"}}],"inLanguage":"fr-FR"}]}},"jetpack_sharing_enabled":true,"_links":{"self":[{"href":"https:\/\/officialmonttremblant.com\/fr\/wp-json\/wp\/v2\/pages\/22586","targetHints":{"allow":["GET"]}}],"collection":[{"href":"https:\/\/officialmonttremblant.com\/fr\/wp-json\/wp\/v2\/pages"}],"about":[{"href":"https:\/\/officialmonttremblant.com\/fr\/wp-json\/wp\/v2\/types\/page"}],"author":[{"embeddable":true,"href":"https:\/\/officialmonttremblant.com\/fr\/wp-json\/wp\/v2\/users\/1"}],"replies":[{"embeddable":true,"href":"https:\/\/officialmonttremblant.com\/fr\/wp-json\/wp\/v2\/comments?post=22586"}],"version-history":[{"count":3,"href":"https:\/\/officialmonttremblant.com\/fr\/wp-json\/wp\/v2\/pages\/22586\/revisions"}],"predecessor-version":[{"id":22600,"href":"https:\/\/officialmonttremblant.com\/fr\/wp-json\/wp\/v2\/pages\/22586\/revisions\/22600"}],"up":[{"embeddable":true,"href":"https:\/\/officialmonttremblant.com\/fr\/wp-json\/wp\/v2\/pages\/22544"}],"wp:featuredmedia":[{"embeddable":true,"href":"https:\/\/officialmonttremblant.com\/fr\/wp-json\/wp\/v2\/media\/22589"}],"wp:attachment":[{"href":"https:\/\/officialmonttremblant.com\/fr\/wp-json\/wp\/v2\/media?parent=22586"}],"curies":[{"name":"wp","href":"https:\/\/api.w.org\/{rel}","templated":true}]}}